{"id":12307,"date":"2026-09-01T11:04:10","date_gmt":"2026-09-01T09:04:10","guid":{"rendered":"https:\/\/st-andrae.info\/?post_type=event&#038;p=12307"},"modified":"2026-09-01T11:04:11","modified_gmt":"2026-09-01T09:04:11","slug":"herbstkonzert-der-stadtkapelle-st-andrae-6","status":"publish","type":"event","link":"https:\/\/st-andrae.info\/en\/veranstaltungen\/herbstkonzert-der-stadtkapelle-st-andrae-6\/","title":{"rendered":"Herbstkonzert der Stadtkapelle St. Andr\u00e4"},"content":{"rendered":"<div class=\"em em-view-container\" id=\"em-view-1460698027\" data-view=\"event\">\r\n\t<div class=\"em-item em-item-single em-event em-event-single em-event-1026\" id=\"em-event-1460698027\" data-view-id=\"1460698027\">\r\n\t\t<div class=\"event_header\">\r\n\r\n<p class=\"sixcol\">\r\n\t<i class=\"far fa-clock\"><\/i>\r\n\t<em>Datum:<\/em><br\/><strong>7. November 2026<\/strong> at <strong>19:00 - 21:30<\/strong><\/p>\r\n\r\n<p class=\"sixcol\">\r\n\t<i class=\"fas fa-map-marker-alt\"><\/i>\r\n\t<em>Ort:<\/em><br\/>\r\n\t<strong>Rathaussaal St. Andr\u00e4  <\/strong>\r\n<\/p>\r\n\r\n<\/div>\r\n<br style=\"clear:both\" \/>\r\n        <p class=\"wp-block-paragraph\">Wenn die Tage k\u00fcrzer werden und der Herbst Einzug h\u00e4lt, l\u00e4dt die <strong>Stadtkapelle St. Andr\u00e4<\/strong> zum traditionellen Herbstkonzert ein.<\/p>\n<p class=\"wp-block-paragraph\">Am <strong>Samstag, 7. November 2026, um 19:00 Uhr<\/strong> erwartet die Besucherinnen und Besucher im <strong>Rathaussaal St. Andr\u00e4<\/strong> ein stimmungsvoller Konzertabend mit der Stadtkapelle.<\/p>\n<p class=\"wp-block-paragraph\">Freuen Sie sich auf ein abwechslungsreiches musikalisches Programm und lassen Sie sich von den Musikerinnen und Musikern durch einen besonderen Herbstabend begleiten.<\/p>\n<p class=\"wp-block-paragraph\"><strong>Samstag, 7. November 2026<\/strong><br \/><strong>Beginn: 19:00 Uhr<\/strong><br \/><strong>Rathaussaal St. Andr\u00e4<\/strong><br \/><strong>Eintritt: freiwillige Spende<\/strong><\/p>\n<p class=\"wp-block-paragraph\">Die Stadtkapelle St. Andr\u00e4 freut sich auf Ihren Besuch!<\/p>\n<figure class=\"wp-block-image size-large is-resized\"><a href=\"https:\/\/st-andrae.info\/wp-content\/uploads\/2026\/09\/image.png\"><img fetchpriority=\"high\" decoding=\"async\" width=\"721\" height=\"1024\" src=\"https:\/\/st-andrae.info\/wp-content\/uploads\/2026\/09\/image-721x1024.png\" alt=\"\" class=\"wp-image-12308\" style=\"width:537px;height:auto\" srcset=\"https:\/\/st-andrae.info\/wp-content\/uploads\/2026\/09\/image-721x1024.png 721w, https:\/\/st-andrae.info\/wp-content\/uploads\/2026\/09\/image-8x12.png 8w, https:\/\/st-andrae.info\/wp-content\/uploads\/2026\/09\/image-211x300.png 211w, https:\/\/st-andrae.info\/wp-content\/uploads\/2026\/09\/image.png 722w\" sizes=\"(max-width: 721px) 100vw, 721px\" \/><\/a><\/figure>\n\r\n        \r\n      \t<\/div>\r\n<\/div>","protected":false},"excerpt":{"rendered":"<p>7. November 2026 @ 19:00 &#8211; 21:30 &#8211; Wenn die Tage k\u00fcrzer werden und der Herbst Einzug h\u00e4lt, l\u00e4dt die Stadtkapelle St. Andr\u00e4 zum traditionellen Herbstkonzert ein. Am Samstag, 7. November 2026, um 19:00 Uhr erwartet die Besucherinnen und Besucher im Rathaussaal St. Andr\u00e4 ein stimmungsvoller Konzertabend mit der Stadtkapelle. Freuen Sie sich auf ein abwechslungsreiches musikalisches Programm und lassen Sie sich von &#8230;<\/p>","protected":false},"author":2,"featured_media":0,"template":"","class_list":["post-12307","event","type-event","status-publish","hentry","event-categories-allgemein"],"_links":{"self":[{"href":"https:\/\/st-andrae.info\/en\/wp-json\/wp\/v2\/event\/12307","targetHints":{"allow":["GET"]}}],"collection":[{"href":"https:\/\/st-andrae.info\/en\/wp-json\/wp\/v2\/event"}],"about":[{"href":"https:\/\/st-andrae.info\/en\/wp-json\/wp\/v2\/types\/event"}],"author":[{"embeddable":true,"href":"https:\/\/st-andrae.info\/en\/wp-json\/wp\/v2\/users\/2"}],"wp:attachment":[{"href":"https:\/\/st-andrae.info\/en\/wp-json\/wp\/v2\/media?parent=12307"}],"curies":[{"name":"wp","href":"https:\/\/api.w.org\/{rel}","templated":true}]}}